{"id":87,"date":"2026-01-05T20:09:51","date_gmt":"2026-01-05T20:09:51","guid":{"rendered":"https:\/\/www.amcwroclaw.pl\/?page_id=87"},"modified":"2026-03-24T10:21:42","modified_gmt":"2026-03-24T10:21:42","slug":"o-nas","status":"publish","type":"page","link":"https:\/\/www.amcwroclaw.pl\/?page_id=87","title":{"rendered":"O nas"},"content":{"rendered":"\n<div class=\"wp-block-group has-global-padding is-layout-constrained wp-container-core-group-is-layout-63a0b46f wp-block-group-is-layout-constrained\" style=\"margin-top:0;margin-bottom:0;padding-top:var(--wp--preset--spacing--50);padding-right:var(--wp--preset--spacing--20);padding-bottom:var(--wp--preset--spacing--50);padding-left:var(--wp--preset--spacing--20)\">\n<p class=\"has-text-align-center\" style=\"line-height:1.5\"><\/p>\n\n\n\n<h2 class=\"wp-block-heading has-text-align-center has-text-color has-link-color wp-elements-00d4c6162b622c67f46539c5dac9dc28\" style=\"color:#384090;margin-top:10px;margin-bottom:80px;line-height:1.2\">Informacje o firmie<\/h2>\n\n\n\n<div class=\"wp-block-columns are-vertically-aligned-center is-layout-flex wp-container-core-columns-is-layout-9cad5244 wp-block-columns-is-layout-flex\" style=\"margin-top:0;margin-bottom:0\">\n<div class=\"wp-block-column is-vertically-aligned-center is-layout-flow wp-block-column-is-layout-flow\">\n<div class=\"wp-block-cover is-light\" style=\"border-radius:2px;min-height:500px;aspect-ratio:unset;\"><img loading=\"lazy\" decoding=\"async\" width=\"1024\" height=\"1024\" class=\"wp-block-cover__image-background wp-image-100 size-large\" alt=\"\" src=\"https:\/\/www.amcwroclaw.pl\/wp-content\/uploads\/2026\/01\/IMG_20221029_133124-1024x1024.jpg\" data-object-fit=\"cover\" srcset=\"https:\/\/www.amcwroclaw.pl\/wp-content\/uploads\/2026\/01\/IMG_20221029_133124-1024x1024.jpg 1024w, https:\/\/www.amcwroclaw.pl\/wp-content\/uploads\/2026\/01\/IMG_20221029_133124-300x300.jpg 300w, https:\/\/www.amcwroclaw.pl\/wp-content\/uploads\/2026\/01\/IMG_20221029_133124-150x150.jpg 150w, https:\/\/www.amcwroclaw.pl\/wp-content\/uploads\/2026\/01\/IMG_20221029_133124-768x768.jpg 768w, https:\/\/www.amcwroclaw.pl\/wp-content\/uploads\/2026\/01\/IMG_20221029_133124-1536x1536.jpg 1536w, https:\/\/www.amcwroclaw.pl\/wp-content\/uploads\/2026\/01\/IMG_20221029_133124-2048x2048.jpg 2048w\" sizes=\"auto, (max-width: 1024px) 100vw, 1024px\" \/><span aria-hidden=\"true\" class=\"wp-block-cover__background has-background-dim-0 has-background-dim\" style=\"background-color:#98938e\"><\/span><div class=\"wp-block-cover__inner-container has-global-padding is-layout-constrained wp-block-cover-is-layout-constrained\">\n<p class=\"has-text-align-center has-large-font-size\"><\/p>\n<\/div><\/div>\n<\/div>\n\n\n\n<div class=\"wp-block-column is-vertically-aligned-center is-layout-flow wp-block-column-is-layout-flow\">\n<p style=\"margin-bottom:var(--wp--preset--spacing--30)\">Firma AMC Biuro Handlowo \u2013 Us\u0142ugowe zosta\u0142a za\u0142o\u017cona w 1991 roku. Do ko\u0144ca 2025 roku g\u0142\u00f3wnym profilem dzia\u0142alno\u015bci firmy by\u0142a hurtowa dystrybucja na rynku polskim modeli wagon\u00f3w i lokomotyw oraz akcesori\u00f3w modelarskich do budowy makiet kolejowych i architektonicznych oraz wszelkich dioram.<\/p>\n\n\n\n<p style=\"margin-bottom:var(--wp--preset--spacing--30)\"><strong>Od pocz\u0105tku 2026 roku jeste\u015bmy przedstawicielem w Polsce firm: Tillig, M\u00e4rklin, Trix i LGB.<\/strong><\/p>\n\n\n\n<p>R\u00f3wnocze\u015bnie oferujemy wybrane artyku\u0142y modelarstwa kolejowego w naszym e\u2011sklepie \u201eStacja Hobby\u201d.<\/p>\n\n\n\n<div class=\"wp-block-buttons is-layout-flex wp-block-buttons-is-layout-flex\" style=\"margin-top:var(--wp--preset--spacing--30)\">\n<div class=\"wp-block-button btn-has-icon\"><a class=\"wp-block-button__link has-background wp-element-button\" href=\"https:\/\/stacjahobby.pl\/\" style=\"background-color:#384090;padding-right:var(--wp--preset--spacing--40);padding-left:var(--wp--preset--spacing--40)\">e-sklep<\/a><\/div>\n<\/div>\n<\/div>\n<\/div>\n<\/div>\n\n\n\n<h2 class=\"wp-block-heading has-text-align-center has-text-color has-link-color wp-elements-7508a09be567a8354371062a81dfaca8\" style=\"color:#384090\">Kontakt<\/h2>\n\n\n\n<p class=\"has-text-align-center\"><br>AMC Wroclaw<br>E-mail: amc@amcwroclaw.pl<\/p>\n\n\n\n<p class=\"has-text-align-center footer-contact has-primary-color has-text-color has-link-color wp-elements-fb7dfc7c7956cb3dc258cd7a94ee2c3e\">Telefon: +609 488 586<\/p>\n\n\n\n<p class=\"has-text-align-center footer-location has-primary-color has-text-color has-link-color wp-elements-466aadb1c61cd47b990ee3bfeb105526\">ul. Ho\u017ca 17 <br>54-058 Wroc\u0142aw<\/p>\n\n\n\n<p class=\"has-text-align-center footer-location has-primary-color has-text-color has-link-color wp-elements-cd74384834a62b16ba93d87fe9ef3a73\">Pod podanym adresem znajduje si\u0119 wy\u0142\u0105cznie biuro administracyjne. Nie prowadzimy w tym miejscu sprzeda\u017cy stacjonarnej ani magazynu. <br>W sprawach formalnych lub w celu um\u00f3wienia spotkania, prosimy o wcze\u015bniejszy kontakt telefoniczny lub mailowy.<\/p>\n\n\n\n<h2 class=\"wp-block-heading has-text-align-center has-text-color has-link-color wp-elements-4812fc0a26483cf25b87881d1ecbee4d\" style=\"color:#384090;padding-top:var(--wp--preset--spacing--40);padding-bottom:var(--wp--preset--spacing--40)\">Przetwarzanie Danych Osobowych<\/h2>\n\n\n\n<p style=\"padding-right:var(--wp--preset--spacing--40);padding-left:var(--wp--preset--spacing--40)\">Przetwarzanie Danych Osobowych<\/p>\n\n\n\n<p style=\"padding-right:var(--wp--preset--spacing--40);padding-left:var(--wp--preset--spacing--40)\">Informujemy, \u017ce firma <strong>AMC Biuro Handlowo \u2013 Us\u0142ugowe Anna \u0106wieczkowska, ul. Ho\u017ca 17, 54-058&nbsp;Wroc\u0142aw, NIP 8940044121<\/strong>&nbsp;(dalej: \u201eAMC\u201d lub \u201eAdministrator\u201d) przetwarza Pani\/Pana dane osobowe w rozumieniu Rozporz\u0105dzenia Parlamentu Europejskiego i Rady Unii Europejskiej 2016\/679 z dnia 27 kwietnia 2016 r. w sprawie ochrony os\u00f3b fizycznych w zwi\u0105zku z przetwarzaniem danych osobowych i w sprawie swobodnego przep\u0142ywu takich danych, obowi\u0105zuj\u0105cego od dnia 25 maja 2018r. (RODO)<\/p>\n\n\n\n<ol style=\"padding-right:var(--wp--preset--spacing--40);padding-left:var(--wp--preset--spacing--40)\" class=\"wp-block-list\">\n<li style=\"padding-top:var(--wp--preset--spacing--10);padding-right:0;padding-bottom:var(--wp--preset--spacing--10);padding-left:0\"><strong>Kto jest administratorem Pa\u0144stwa danych?<br><\/strong>Administratorem Pani\/Pana danych jest Anna \u0106wieczkowska prowadz\u0105ca dzia\u0142alno\u015b\u0107 gospodarcz\u0105 pod nazw\u0105 AMC Biuro Handlowo \u2013 Us\u0142ugowe Anna \u0106wieczkowska, ul. Ho\u017ca 17, 54-058 Wroc\u0142aw, NIP 8940044121, Regon: 008099498.<br>Administrator nie wyznaczy\u0142 Inspektora Ochrony Danych. Z Administratorem mo\u017cna si\u0119 kontaktowa\u0107:<br>\n<ul class=\"wp-block-list\">\n<li>pisemnie: AMC Biuro Handlowo \u2013 Us\u0142ugowe, ul. Ho\u017ca 17, 54-058&nbsp;Wroc\u0142aw<\/li>\n\n\n\n<li>za pomoc\u0105 poczty elektronicznej, na adres e-mail: <a href=\"mailto:biuro@amcwroclaw.pl\">biuro@amcwroclaw.pl<\/a><\/li>\n<\/ul>\n<\/li>\n\n\n\n<li class=\"has-primary-color has-text-color has-link-color wp-elements-642db22a602ecf5ad5dc9b76605ac3a7\" style=\"padding-top:var(--wp--preset--spacing--10);padding-right:0;padding-bottom:var(--wp--preset--spacing--10);padding-left:0\"><strong>Jakie dane przechowujemy?<br><\/strong>Dane osobowe to informacje o zidentyfikowanej lub mo\u017cliwej do zidentyfikowania osobie fizycznej. Przechowujemy i przetwarzamy nast\u0119puj\u0105ce dane:<br>&#8211; imi\u0119 i nazwisko klienta, adres korespondencyjny, adres dostawy, adres mailowy, telefon kontaktowy<br>&#8211; dane rejestrowe firmy, adres siedziby firmy, adres dla dostaw towaru, numer NIP, numer Regon, a tak\u017ce imiona i nazwiska, adresy mailowe oraz telefony os\u00f3b kontaktowych<br>&#8211; informacje o \u015bwiadczonych dla Pa\u0144stwa us\u0142ugach sprzeda\u017cy, obs\u0142ugi zam\u00f3wie\u0144 i reklamacji<br><br>Dane osobowe, kt\u00f3re przetwarzamy zosta\u0142y od Pa\u0144stwa pozyskane podczas jednej b\u0105d\u017a kilku poni\u017cszych czynno\u015bci:&nbsp;&nbsp;&nbsp;&nbsp;&nbsp;<br>&#8211; dokonywania przez Pana \/ Pani\u0105 zam\u00f3wie\u0144 i zakup\u00f3w ;<br>&nbsp;&nbsp;&nbsp;&nbsp;&nbsp;&nbsp;&nbsp;&nbsp;&nbsp;&nbsp;&nbsp;&nbsp;&nbsp;&nbsp;&nbsp;&nbsp;&nbsp;&nbsp;&nbsp; -w&nbsp; AMC Biuro Handlowo-Us\u0142ugowe, ul. Ho\u017ca 17, 54-058&nbsp;Wroc\u0142aw,&nbsp;<br>&nbsp; &nbsp; &nbsp; &nbsp; &nbsp; &nbsp; &nbsp; &nbsp; &nbsp; &nbsp; -w sklepie internetowym: stacjahobby.pl<br>&#8211; wyra\u017cenia przez Pa\u0144stwa zgody na us\u0142ug\u0119 przechowywania (\u201ezapami\u0119tania\u201d) danych osobowych na koncie klienta w systemie sprzeda\u017cy Subiekt GT<br>&#8211; wyra\u017cenia zgody na otrzymywanie informacji handlowych dotycz\u0105cych produkt\u00f3w i us\u0142ug oferowanych przez AMC<br>&#8211; wyra\u017cenia zgody na otrzymywanie informacji marketingowych, w tym newsletter\u00f3w<br>&#8211; za\u0142o\u017cenia przez Pana\/Pani\u0105 konta klienta w serwisie <a href=\"http:\/\/www.amcwroclaw.pl\">www.amcwroclaw.pl<\/a><br><br>Przekazane nam dane osobowe przetwarzamy wy\u0142\u0105cznie w celu i zakresie, na jaki wyrazili Pa\u0144stwo zgod\u0119. Gromadzimy wy\u0142\u0105cznie dane osobowe przekazane nam dobrowolnie. W niekt\u00f3rych przypadkach dobrowolne podanie nam danych osobowych mo\u017ce by\u0107 konieczne do \u015bwiadczenia us\u0142ug (np. realizacja sprzeda\u017cy wysy\u0142kowej). Niewyra\u017cenie zgody na ich przetwarzanie mo\u017ce spowodowa\u0107 ograniczon\u0105 mo\u017cliwo\u015b\u0107 korzystania lub ca\u0142kowity brak mo\u017cliwo\u015bci korzystania z naszych us\u0142ug np. zawarcia umowy, wykonania sprzeda\u017cy.<br><\/li>\n\n\n\n<li style=\"padding-top:var(--wp--preset--spacing--10);padding-right:0;padding-bottom:var(--wp--preset--spacing--10);padding-left:0\"><strong>Jaka jest podstawa prawna przetwarzania danych osobowych?<\/strong><br>Przetwarzanie przez nas danych osobowych wymaga podstaw prawnych, kt\u00f3rymi w zakresie naszej dzia\u0142alno\u015bci s\u0105 nast\u0119puj\u0105ce postanowienia:<br>&#8211; art. 6 ust. 1 lit. b RODO, tj. niezb\u0119dno\u015b\u0107 przetwarzania do wykonania umowy, kt\u00f3rej Pa\u0144stwo jeste\u015bcie stron\u0105 (np. umowy sprzeda\u017cy, umowy o \u015bwiadczenie bezp\u0142atnych us\u0142ug drog\u0105 elektroniczn\u0105 \u2013 wysy\u0142ki newslettera lub prowadzenia konta klienta w naszym systemie sprzeda\u017cy)<br>&#8211; art. 6 ust. 1 lit. c RODO tj. niezb\u0119dno\u015b\u0107 wype\u0142nienia obowi\u0105zku prawnego ci\u0105\u017c\u0105cego na AMC (np. przechowywanie dokument\u00f3w ksi\u0119gowych w celu wype\u0142nienia obowi\u0105zk\u00f3w fiskalnych)<br>&#8211; art. 6 ust. 1 lit. f RODO, tj. niezb\u0119dno\u015b\u0107 przetwarzania do cel\u00f3w wynikaj\u0105cych z&nbsp;prawnie uzasadnionych interes\u00f3w realizowanych przez Administratora. Prawnie uzasadnionym interesem Administratora jest konieczno\u015b\u0107 oferowania klientom mo\u017cliwie najlepszej&nbsp;jako\u015bci obs\u0142ugi, dopasowania oferty towar\u00f3w do potrzeb i oczekiwa\u0144 kupuj\u0105cych, a tak\u017ce prowadzenie dzia\u0142a\u0144 marketingowych, promocyjnych i reklamowych<br>&#8211; art. 6 ust. 1 lit. a RODO tj. wyra\u017cona przez Pana \/ Pani\u0105 zgoda na przetwarzanie Pa\u0144stwa danych osobowych<br><\/li>\n\n\n\n<li style=\"padding-top:var(--wp--preset--spacing--10);padding-right:0;padding-bottom:var(--wp--preset--spacing--10);padding-left:0\"><strong>Jaki jest cel przetwarzania danych w AMC?<\/strong><br>Pani \/ Pana dane osobowe s\u0105 przetwarzane tylko w zakresie niezb\u0119dnym do prowadzenia naszej dzia\u0142alno\u015bci, a w szczeg\u00f3lno\u015bci:<br>&#8211; sprzeda\u017cy i dostawy zam\u00f3wionego towaru (podstawa: art. 6 ust. 1 lit. b RODO)<br>&#8211; spe\u0142nienia obowi\u0105zk\u00f3w fiskalnych i rachunkowych (podstawa: art. 6 ust. 1 lit. c RODO)<br>&#8211; za\u0142o\u017cenia i prowadzenia konta klienta w systemie sprzeda\u017cy AMC (podstawa: art. 6 ust. 1 lit. b RODO)<br>&#8211; wykonania bezp\u0142atnej us\u0142ugi newslettera, je\u017celi wyrazicie Pa\u0144stwo dobrowoln\u0105 zgod\u0119 na otrzymywanie informacji handlowych (podstawa: art. 6 ust. 1 lit. b RODO)<br>&#8211; reklamacji lub zwrotu zakupionego towaru (podstawa: art. 6 ust. 1 lit. c RODO)<br>&#8211; ustalenia, dochodzenia i obrony w razie zaistnienia wzajemnych roszcze\u0144 (podstawa: art. 6 ust. 1 lit. f) RODO)<br>&#8211; dzia\u0142a\u0144 marketingowych (podstawa: art. 6 ust. 1 lit. f) RODO)<br>&#8211; dokonywania p\u0142atno\u015bci (podstawa: art. 6 ust. 1 lit. b RODO)<br>&#8211; dzia\u0142a\u0144 analitycznych (podstawa: art. 6 ust. 1 lit. f) RODO)<br>&#8211; dzia\u0142a\u0144 statystycznych (podstawa: art. 6 ust. 1 lit. f) RODO)<br>&#8211; dzia\u0142a\u0144 archiwalnych (podstawa: art. 6 ust. 1 lit. f) RODO)<br>&#8211; przeprowadzania przez nas procesu rekrutacji, w zwi\u0105zku z przes\u0142anym nam CV lub innymi dokumentami aplikacyjnymi.<br>Informujemy, \u017ce Pa\u0144stwa dane osobowe nie podlegaj\u0105 zautomatyzowanemu podejmowaniu decyzji, w tym w oparciu o profilowanie.<br><\/li>\n\n\n\n<li style=\"padding-right:0;padding-left:0\"><strong>Jak d\u0142ugo przechowujemy dane?<br><\/strong>Okres przetwarzania Pa\u0144stwa danych osobowych jest uzale\u017cniony od celu, w jakim dane s\u0105 przetwarzane. Okres, przez kt\u00f3ry Pa\u0144stwa dane osobowe b\u0119d\u0105 przechowywane, jest ustalany w oparciu o nast\u0119puj\u0105ce kryteria:<br>&#8211; przepisy prawa, kt\u00f3re mog\u0105 obligowa\u0107 AMC do przetwarzania danych przez okre\u015blony czas (np. ustawa o rachunkowo\u015bci)<br>&#8211; okres, przez jaki s\u0105 \u015bwiadczone us\u0142ugi<br>&#8211; okres, kt\u00f3ry jest niezb\u0119dny do obrony interes\u00f3w AMC<br>&#8211; okres, na jaki zosta\u0142a udzielona Pa\u0144stwa zgoda<br><\/li>\n\n\n\n<li style=\"padding-top:var(--wp--preset--spacing--10);padding-right:0;padding-bottom:var(--wp--preset--spacing--10);padding-left:0\"><strong>Informacja o plikach cookies<br><\/strong>Nasza strona internetowa u\u017cywa plik\u00f3w cookies tzw. ciasteczek, kt\u00f3re wykorzystywane s\u0105 mi\u0119dzy innymi do zapami\u0119tywania preferencji u\u017cytkownika, w celach statystycznych, bezpiecze\u0144stwa oraz prawid\u0142owego dzia\u0142ania naszego serwisu. Ciasteczka nie przechowuj\u0105 danych osobowych.<br>U\u017cywamy dw\u00f3ch rodzaj\u00f3w plik\u00f3w cookies:<br><strong>sesyjnych<\/strong>&nbsp;\u2013 b\u0119d\u0105cych plikami tymczasowymi, przechowywanymi w urz\u0105dzeniu ko\u0144cowym u\u017cytkownika do czasu opuszczenia strony internetowej, wylogowania lub wy\u0142\u0105czenia przegl\u0105darki internetowej<br><strong>sta\u0142ych<\/strong>&nbsp;\u2013 b\u0119d\u0105cych plikami trwa\u0142ymi, przechowywanymi w urz\u0105dzeniu ko\u0144cowym u\u017cytkownika przez czas okre\u015blony w parametrach plik\u00f3w cookies lub do czasu ich r\u0119cznego usuni\u0119cia przez u\u017cytkownika.W ka\u017cdym wypadku mog\u0105 Pa\u0144stwo zablokowa\u0107 instalowanie plik\u00f3w cookies lub usun\u0105\u0107 sta\u0142e pliki cookies, wykorzystuj\u0105c stosowne opcje Pa\u0144stwa przegl\u0105darki internetowej. W razie problem\u00f3w doradzamy skorzysta\u0107 z pliku pomocy przegl\u0105darki lub skontaktowa\u0107 si\u0119 z producentem przegl\u0105darki, z kt\u00f3rej Pa\u0144stwo korzystacie.<br>Informujemy jednak, \u017ce ograniczenia stosowania plik\u00f3w cookies mog\u0105 wp\u0142yn\u0105\u0107 na niekt\u00f3re funkcjonalno\u015bci dost\u0119pne na naszej stronie, a w niekt\u00f3rych przypadkach mog\u0105 ca\u0142kowicie uniemo\u017cliwi\u0107 korzystanie z naszej strony. Pliki cookies zamieszczane s\u0105 w urz\u0105dzeniu ko\u0144cowym u\u017cytkownika i wykorzystywane mog\u0105 by\u0107 r\u00f3wnie\u017c przez wsp\u00f3\u0142pracuj\u0105cych z nami reklamodawc\u00f3w oraz partner\u00f3w. Zamieszczone na naszej stronie odsy\u0142acze mog\u0105 przekierowywa\u0107 Pa\u0144stwa na inne strony internetowe, np. strony naszych dostawc\u00f3w. Zach\u0119camy do zapoznania si\u0119 z polityk\u0105 ochrony prywatno\u015bci wsp\u00f3\u0142pracuj\u0105cych z nami firm.<br><\/li>\n\n\n\n<li style=\"padding-top:var(--wp--preset--spacing--10);padding-right:0;padding-bottom:var(--wp--preset--spacing--10);padding-left:0\"><strong>Komu udost\u0119pniamy dane?<br><\/strong>Jak wi\u0119kszo\u015b\u0107 przedsi\u0119biorc\u00f3w, w swojej dzia\u0142alno\u015bci korzystamy z pomocy innych podmiot\u00f3w, co niejednokrotnie wi\u0105\u017ce si\u0119 z konieczno\u015bci\u0105 przekazania Pa\u0144stwa danych osobowych np. w celu dostarczenia zam\u00f3wionego towaru. W zwi\u0105zku z powy\u017cszym \u2013 w razie potrzeby i tylko w niezb\u0119dnym zakresie \u2013 przekazujemy Pa\u0144stwa dane osobowe nast\u0119puj\u0105cym podmiotom:<br>&#8211; operatorzy system\u00f3w informatycznych<br>&#8211; operatorzy system\u00f3w p\u0142atno\u015bci<br>&#8211; firmy kurierskie i Poczta Polska<br>&#8211; zewn\u0119trzni dostawcy produkt\u00f3w<br>&#8211; kancelarie prawnefirmy ksi\u0119gowe i audytorskie<br>&#8211; podmiotom i organom uprawnionym na podstawie przepis\u00f3w prawa<br>Informujemy tak\u017ce, \u017ce Pa\u0144stwa dane osobowe nie b\u0119d\u0105 przekazywane poza Europejski Obszar Gospodarczy (EOG). AMC jako Administrator dok\u0142ada wszelkich stara\u0144, aby zapewni\u0107 wszelkie \u015brodki fizycznej, technicznej i organizacyjnej ochrony danych osobowych przed ich przypadkowym czy umy\u015blnym zniszczeniem, utrat\u0105, zmian\u0105, nieuprawnionym ujawnieniem, wykorzystaniem czy dost\u0119pem, zgodnie ze wszystkimi obowi\u0105zuj\u0105cymi przepisami.<br><\/li>\n\n\n\n<li style=\"padding-top:var(--wp--preset--spacing--10);padding-right:0;padding-bottom:var(--wp--preset--spacing--10);padding-left:0\"><strong>Jakie prawa przys\u0142uguj\u0105 Pa\u0144stwu w zwi\u0105zku z przetwarzaniem danych?<br><\/strong>W zwi\u0105zku z przetwarzaniem Pani \/ Pana danych osobowych przys\u0142uguje Pa\u0144stwu prawo do:<br>&#8211; dost\u0119pu do swoich danych osobowych<br>&#8211; sprostowania swoich danych osobowych<br>&#8211; usuni\u0119cia swoich danych osobowych<br>&#8211; ograniczenia przetwarzania swoich danych osobowych<br>&#8211; wniesienia sprzeciwu wobec przetwarzania swoich danych osobowych<br>&#8211; przenoszenia swoich danych osobowych<br>&#8211; wniesienia skargi do organu nadzorczego<br>Je\u015bli chce Pani \/Pan zmieni\u0107 zakres przetwarzanych przez nas danych, w tym wnie\u015b\u0107 sprzeciw i\/lub cofn\u0105\u0107 swoj\u0105 zgod\u0119, prosimy o wys\u0142anie wiadomo\u015bci na adres e-mail: biuro@amcwroclaw.pl lub skontaktowa\u0107 si\u0119 telefonicznie pod numerem ++48 609 488 586, lub za pomoc\u0105 poczty tradycyjnej na adres: AMC Biuro Handlowo \u2013 Us\u0142ugowe, ul. Ho\u017ca 17, 54-058 Wroc\u0142aw.<br><\/li>\n\n\n\n<li style=\"padding-top:var(--wp--preset--spacing--10);padding-right:0;padding-bottom:var(--wp--preset--spacing--10);padding-left:0\"><strong>Gdzie mo\u017cna wnie\u015b\u0107 skarg\u0119 na spos\u00f3b przetwarzania danych osobowych?<br><\/strong>Ma Pani\/Pan prawo wniesienia skargi do organu nadzorczego. Organem nadzorczym w zakresie danych osobowych w Polsce jest obecnie Prezes Urz\u0119du Ochrony Danych Osobowych.<br><\/li>\n\n\n\n<li style=\"padding-top:var(--wp--preset--spacing--10);padding-right:0;padding-bottom:var(--wp--preset--spacing--10);padding-left:0\"><strong>Zmiany polityki prywatno\u015bci<\/strong><br>Zastrzegamy, \u017ce mo\u017cemy wprowadza\u0107 zmiany w niniejszym dokumencie. Nowe wersje Polityki Prywatno\u015bci zostan\u0105 za ka\u017cdym razem opublikowane na naszej stronie&nbsp;<a href=\"https:\/\/web.archive.org\/web\/20230618045407\/http:\/\/www.amcwroclaw.pl\/\">www.amcwroclaw.pl<\/a>.<br>Mamy nadziej\u0119, \u017ce powy\u017csze informacje okaza\u0142y si\u0119 pomocne.<br>W przypadku jakichkolwiek pyta\u0144 zapraszamy do kontaktu z nami zgodnie z danymi teleadresowymi podanymi w punkcie 8.<br><br>wersja dokumentu:&nbsp;<strong>3.0 z dnia 02.02.2026 r.<\/strong><\/li>\n<\/ol>\n\n\n\n<p><\/p>\n","protected":false},"excerpt":{"rendered":"<p>Informacje o firmie Firma AMC Biuro Handlowo \u2013 Us\u0142ugowe zosta\u0142a za\u0142o\u017cona w 1991 roku. Do ko\u0144ca 2025 roku g\u0142\u00f3wnym profilem dzia\u0142alno\u015bci firmy by\u0142a hurtowa dystrybucja na rynku polskim modeli wagon\u00f3w i lokomotyw oraz akcesori\u00f3w modelarskich do budowy makiet kolejowych i architektonicznych oraz wszelkich dioram. Od pocz\u0105tku 2026 roku jeste\u015bmy przedstawicielem w Polsce firm: Tillig, M\u00e4rklin, [&hellip;]<\/p>\n","protected":false},"author":2,"featured_media":0,"parent":0,"menu_order":0,"comment_status":"closed","ping_status":"closed","template":"full-width","meta":{"footnotes":""},"class_list":["post-87","page","type-page","status-publish","hentry"],"_links":{"self":[{"href":"https:\/\/www.amcwroclaw.pl\/index.php?rest_route=\/wp\/v2\/pages\/87","targetHints":{"allow":["GET"]}}],"collection":[{"href":"https:\/\/www.amcwroclaw.pl\/index.php?rest_route=\/wp\/v2\/pages"}],"about":[{"href":"https:\/\/www.amcwroclaw.pl\/index.php?rest_route=\/wp\/v2\/types\/page"}],"author":[{"embeddable":true,"href":"https:\/\/www.amcwroclaw.pl\/index.php?rest_route=\/wp\/v2\/users\/2"}],"replies":[{"embeddable":true,"href":"https:\/\/www.amcwroclaw.pl\/index.php?rest_route=%2Fwp%2Fv2%2Fcomments&post=87"}],"version-history":[{"count":11,"href":"https:\/\/www.amcwroclaw.pl\/index.php?rest_route=\/wp\/v2\/pages\/87\/revisions"}],"predecessor-version":[{"id":141,"href":"https:\/\/www.amcwroclaw.pl\/index.php?rest_route=\/wp\/v2\/pages\/87\/revisions\/141"}],"wp:attachment":[{"href":"https:\/\/www.amcwroclaw.pl\/index.php?rest_route=%2Fwp%2Fv2%2Fmedia&parent=87"}],"curies":[{"name":"wp","href":"https:\/\/api.w.org\/{rel}","templated":true}]}}